{"id":2,"date":"2024-11-05T10:09:39","date_gmt":"2024-11-05T10:09:39","guid":{"rendered":"https:\/\/www.fewo-rb.de\/wpics\/?page_id=2"},"modified":"2025-04-08T11:10:56","modified_gmt":"2025-04-08T09:10:56","slug":"ferienwohnung-dreilaendereck","status":"publish","type":"page","link":"https:\/\/www.fewo-rb.de\/","title":{"rendered":"Startseite"},"content":{"rendered":"\n<blockquote class=\"wp-block-quote is-layout-flow wp-block-quote-is-layout-flow\">\n<p><\/p>\n<\/blockquote>\n\n\n\n<p>Sch\u00f6ne Ferienwohnung in Hartheim am Rhein im Ortsteil Feldkirch. Die Wohnung ist ca. 80 m\u00b2 gro\u00df und befindet sich im Obergeschoss. In der Wohnung k\u00f6nnen bis zu 4 Personen \u00fcbernachten. Im hinteren Teil des Gartens befindet sich ein separater Sitzplatz f\u00fcr die G\u00e4ste.<\/p>\n\n\n\n<h2 class=\"wp-block-heading\">G\u00e4steparkplatz<\/h2>\n\n\n\n<p>Ein privater Parkplatz vor Ort steht zur Verf\u00fcgung<\/p>\n\n\n\n<h2 class=\"wp-block-heading\">Ausstattung &amp; Lage<\/h2>\n\n\n\n<p>Wohnungsausstattung:<\/p>\n\n\n\n<p>Wohnbereich: Waipu TV-Anschluss mit bis zu 300 Programmen (seit M\u00e4rz 2024). Amazon Fire TV Stick f\u00fcr Mediatheken, Prime Video und mehr. Bluetooth-Lautsprecher im Wohnzimmer. Ein gro\u00dfer B\u00fccherschrank l\u00e4dt zum Schm\u00f6kern ein.<\/p>\n\n\n\n<p>Arbeitsbereich: Kleiner Schreibtisch f\u00fcr Laptop-Arbeit.<\/p>\n\n\n\n<p>K\u00fcche: Ausgestattet mit gro\u00dfem K\u00fchl-Gefrierschrank, Senseo-Kaffeemaschine, Milchaufsch\u00e4umer und Wasserkocher.<\/p>\n\n\n\n<p>Badezimmer: Sch\u00f6nes Bad mit zwei Waschbecken, bodengleicher Dusche, WC und Badewanne.<\/p>\n\n\n\n<p>Freizeitm\u00f6glichkeiten in der N\u00e4he:<\/p>\n\n\n\n<p>Golf:<\/p>\n\n\n\n<p>6-Loch-Golfcampus (ohne Mitgliedschaft\/Platzreife) mit Erm\u00e4\u00dfigungen f\u00fcr G\u00e4ste.<\/p>\n\n\n\n<p>18-Loch-Golfplatz in ca. 5 Autominuten Entfernung.<\/p>\n\n\n\n<p>Therme: Bad Krozingen mit seiner bekannten Therme liegt nur ca. 5 km entfernt.<\/p>\n\n\n\n<p>Perfekte Ausgangslage f\u00fcr Tagesausfl\u00fcge:<\/p>\n\n\n\n<p>Fahrradtouren: Abschlie\u00dfbarer Fahrradraum vorhanden.<\/p>\n\n\n\n<p>Mit dem Auto oder Rad erreichbar:<\/p>\n\n\n\n<p>Staufen (10 km), Freiburg (20 km), Kaiserstuhl (13 km)<\/p>\n\n\n\n<p>Basel (50 km), Colmar (35 km), Mulhouse (40 km)<\/p>\n\n\n\n<p>Das malerische Markgr\u00e4flerland (20 km)<\/p>\n\n\n\n<p>Zus\u00e4tzlicher Service:<\/p>\n\n\n\n<p>Reise- und Restaurantf\u00fchrer f\u00fcr die Region sowie das benachbarte Frankreich liegen f\u00fcr unsere G\u00e4ste bereit.<\/p>\n\n\n\n<p class=\"has-text-align-center\"><a href=\"https:\/\/as.photoprintit.com\/web\/70000000\/showPublishedPhotoBook.do?ehash=887c062535920af500b83a875e374540&amp;skipSessionTimeout\" target=\"_blank\" rel=\"noreferrer noopener\">Hier ist ein Link f\u00fcr ein Fotobuch mit Tagesausfl\u00fcgen<\/a><\/p>\n\n\n\n<p align=\"center\"><iframe src=\"https:\/\/www.google.com\/maps\/embed?pb=!1m18!1m12!1m3!1d1357.880646553112!2d7.647583144431217!3d47.93341013015519!2m3!1f0!2f0!3f0!3m2!1i1024!2i768!4f13.1!3m3!1m2!1s0x47910e91bae2896d%3A0x81a415f3b475c72b!2sFerienwohnung%20Dreil%C3%A4ndereck!5e1!3m2!1sde!2sde!4v1723714358813!5m2!1sde!2sde\" width=\"600\" height=\"450\" style=\"border:0;\" allowfullscreen=\"\" loading=\"lazy\" referrerpolicy=\"no-referrer-when-downgrade\"><\/iframe><\/p>\n","protected":false},"excerpt":{"rendered":"<p>Sch\u00f6ne Ferienwohnung in Hartheim am Rhein im Ortsteil Feldkirch. Die Wohnung ist ca. 80 m\u00b2 gro\u00df und befindet sich im Obergeschoss. In der Wohnung k\u00f6nnen [&#8230;]<\/p>\n","protected":false},"author":1,"featured_media":0,"parent":0,"menu_order":0,"comment_status":"closed","ping_status":"closed","template":"","meta":{"pgc_sgb_lightbox_settings":"","footnotes":""},"class_list":["post-2","page","type-page","status-publish","hentry"],"yoast_head":"<!-- This site is optimized with the Yoast SEO plugin v25.6 - https:\/\/yoast.com\/wordpress\/plugins\/seo\/ -->\n<title>Startseite - Ferienwohnung Dreil\u00e4ndereck<\/title>\n<meta name=\"robots\" content=\"index, follow, max-snippet:-1, max-image-preview:large, max-video-preview:-1\" \/>\n<link rel=\"canonical\" href=\"https:\/\/www.fewo-rb.de\/\" \/>\n<meta property=\"og:locale\" content=\"de_DE\" \/>\n<meta property=\"og:type\" content=\"article\" \/>\n<meta property=\"og:title\" content=\"Startseite - Ferienwohnung Dreil\u00e4ndereck\" \/>\n<meta property=\"og:description\" content=\"Sch\u00f6ne Ferienwohnung in Hartheim am Rhein im Ortsteil Feldkirch. Die Wohnung ist ca. 80 m\u00b2 gro\u00df und befindet sich im Obergeschoss. In der Wohnung k\u00f6nnen [...]\" \/>\n<meta property=\"og:url\" content=\"https:\/\/www.fewo-rb.de\/\" \/>\n<meta property=\"og:site_name\" content=\"Ferienwohnung Dreil\u00e4ndereck\" \/>\n<meta property=\"article:publisher\" content=\"https:\/\/www.facebook.com\/regina.boll.58\" \/>\n<meta property=\"article:modified_time\" content=\"2025-04-08T09:10:56+00:00\" \/>\n<meta name=\"twitter:card\" content=\"summary_large_image\" \/>\n<meta name=\"twitter:label1\" content=\"Gesch\u00e4tzte Lesezeit\" \/>\n\t<meta name=\"twitter:data1\" content=\"2\u00a0Minuten\" \/>\n<script type=\"application\/ld+json\" class=\"yoast-schema-graph\">{\"@context\":\"https:\/\/schema.org\",\"@graph\":[{\"@type\":\"WebPage\",\"@id\":\"https:\/\/www.fewo-rb.de\/\",\"url\":\"https:\/\/www.fewo-rb.de\/\",\"name\":\"Startseite - Ferienwohnung Dreil\u00e4ndereck\",\"isPartOf\":{\"@id\":\"https:\/\/www.fewo-rb.de\/#website\"},\"datePublished\":\"2024-11-05T10:09:39+00:00\",\"dateModified\":\"2025-04-08T09:10:56+00:00\",\"breadcrumb\":{\"@id\":\"https:\/\/www.fewo-rb.de\/#breadcrumb\"},\"inLanguage\":\"de\",\"potentialAction\":[{\"@type\":\"ReadAction\",\"target\":[\"https:\/\/www.fewo-rb.de\/\"]}]},{\"@type\":\"BreadcrumbList\",\"@id\":\"https:\/\/www.fewo-rb.de\/#breadcrumb\",\"itemListElement\":[{\"@type\":\"ListItem\",\"position\":1,\"name\":\"Startseite\",\"item\":\"https:\/\/www.fewo-rb.de\/\"},{\"@type\":\"ListItem\",\"position\":2,\"name\":\"Startseite\"}]},{\"@type\":\"WebSite\",\"@id\":\"https:\/\/www.fewo-rb.de\/#website\",\"url\":\"https:\/\/www.fewo-rb.de\/\",\"name\":\"Ferienwohnung Dreil\u00e4ndereck\",\"description\":\"\",\"publisher\":{\"@id\":\"https:\/\/www.fewo-rb.de\/#\/schema\/person\/4de3936a0fef67f171c73532abc4e4cc\"},\"inLanguage\":\"de\"},{\"@type\":[\"Person\",\"Organization\"],\"@id\":\"https:\/\/www.fewo-rb.de\/#\/schema\/person\/4de3936a0fef67f171c73532abc4e4cc\",\"name\":\"Regina Boll\",\"image\":{\"@type\":\"ImageObject\",\"inLanguage\":\"de\",\"@id\":\"https:\/\/www.fewo-rb.de\/#\/schema\/person\/image\/\",\"url\":\"https:\/\/secure.gravatar.com\/avatar\/ce98565cd350bef82869ce1625cedc34880235766048a5d77f7811828ec02735?s=96&d=mm&r=g\",\"contentUrl\":\"https:\/\/secure.gravatar.com\/avatar\/ce98565cd350bef82869ce1625cedc34880235766048a5d77f7811828ec02735?s=96&d=mm&r=g\",\"caption\":\"Regina Boll\"},\"logo\":{\"@id\":\"https:\/\/www.fewo-rb.de\/#\/schema\/person\/image\/\"},\"sameAs\":[\"https:\/\/www.facebook.com\/regina.boll.58\"]}]}<\/script>\n<!-- \/ Yoast SEO plugin. -->","yoast_head_json":{"title":"Startseite - Ferienwohnung Dreil\u00e4ndereck","robots":{"index":"index","follow":"follow","max-snippet":"max-snippet:-1","max-image-preview":"max-image-preview:large","max-video-preview":"max-video-preview:-1"},"canonical":"https:\/\/www.fewo-rb.de\/","og_locale":"de_DE","og_type":"article","og_title":"Startseite - Ferienwohnung Dreil\u00e4ndereck","og_description":"Sch\u00f6ne Ferienwohnung in Hartheim am Rhein im Ortsteil Feldkirch. Die Wohnung ist ca. 80 m\u00b2 gro\u00df und befindet sich im Obergeschoss. In der Wohnung k\u00f6nnen [...]","og_url":"https:\/\/www.fewo-rb.de\/","og_site_name":"Ferienwohnung Dreil\u00e4ndereck","article_publisher":"https:\/\/www.facebook.com\/regina.boll.58","article_modified_time":"2025-04-08T09:10:56+00:00","twitter_card":"summary_large_image","twitter_misc":{"Gesch\u00e4tzte Lesezeit":"2\u00a0Minuten"},"schema":{"@context":"https:\/\/schema.org","@graph":[{"@type":"WebPage","@id":"https:\/\/www.fewo-rb.de\/","url":"https:\/\/www.fewo-rb.de\/","name":"Startseite - Ferienwohnung Dreil\u00e4ndereck","isPartOf":{"@id":"https:\/\/www.fewo-rb.de\/#website"},"datePublished":"2024-11-05T10:09:39+00:00","dateModified":"2025-04-08T09:10:56+00:00","breadcrumb":{"@id":"https:\/\/www.fewo-rb.de\/#breadcrumb"},"inLanguage":"de","potentialAction":[{"@type":"ReadAction","target":["https:\/\/www.fewo-rb.de\/"]}]},{"@type":"BreadcrumbList","@id":"https:\/\/www.fewo-rb.de\/#breadcrumb","itemListElement":[{"@type":"ListItem","position":1,"name":"Startseite","item":"https:\/\/www.fewo-rb.de\/"},{"@type":"ListItem","position":2,"name":"Startseite"}]},{"@type":"WebSite","@id":"https:\/\/www.fewo-rb.de\/#website","url":"https:\/\/www.fewo-rb.de\/","name":"Ferienwohnung Dreil\u00e4ndereck","description":"","publisher":{"@id":"https:\/\/www.fewo-rb.de\/#\/schema\/person\/4de3936a0fef67f171c73532abc4e4cc"},"inLanguage":"de"},{"@type":["Person","Organization"],"@id":"https:\/\/www.fewo-rb.de\/#\/schema\/person\/4de3936a0fef67f171c73532abc4e4cc","name":"Regina Boll","image":{"@type":"ImageObject","inLanguage":"de","@id":"https:\/\/www.fewo-rb.de\/#\/schema\/person\/image\/","url":"https:\/\/secure.gravatar.com\/avatar\/ce98565cd350bef82869ce1625cedc34880235766048a5d77f7811828ec02735?s=96&d=mm&r=g","contentUrl":"https:\/\/secure.gravatar.com\/avatar\/ce98565cd350bef82869ce1625cedc34880235766048a5d77f7811828ec02735?s=96&d=mm&r=g","caption":"Regina Boll"},"logo":{"@id":"https:\/\/www.fewo-rb.de\/#\/schema\/person\/image\/"},"sameAs":["https:\/\/www.facebook.com\/regina.boll.58"]}]}},"_links":{"self":[{"href":"https:\/\/www.fewo-rb.de\/index.php\/wp-json\/wp\/v2\/pages\/2","targetHints":{"allow":["GET"]}}],"collection":[{"href":"https:\/\/www.fewo-rb.de\/index.php\/wp-json\/wp\/v2\/pages"}],"about":[{"href":"https:\/\/www.fewo-rb.de\/index.php\/wp-json\/wp\/v2\/types\/page"}],"author":[{"embeddable":true,"href":"https:\/\/www.fewo-rb.de\/index.php\/wp-json\/wp\/v2\/users\/1"}],"replies":[{"embeddable":true,"href":"https:\/\/www.fewo-rb.de\/index.php\/wp-json\/wp\/v2\/comments?post=2"}],"version-history":[{"count":10,"href":"https:\/\/www.fewo-rb.de\/index.php\/wp-json\/wp\/v2\/pages\/2\/revisions"}],"predecessor-version":[{"id":203,"href":"https:\/\/www.fewo-rb.de\/index.php\/wp-json\/wp\/v2\/pages\/2\/revisions\/203"}],"wp:attachment":[{"href":"https:\/\/www.fewo-rb.de\/index.php\/wp-json\/wp\/v2\/media?parent=2"}],"curies":[{"name":"wp","href":"https:\/\/api.w.org\/{rel}","templated":true}]}}